{"id":6036,"date":"2020-09-28T07:25:36","date_gmt":"2020-09-28T05:25:36","guid":{"rendered":"http:\/\/new.kinoroma.zabrze.pl\/mapa\/?page_id=6036"},"modified":"2020-10-09T08:37:05","modified_gmt":"2020-10-09T06:37:05","slug":"jaroslaw-sypniewski","status":"publish","type":"page","link":"https:\/\/kinoroma.zabrze.pl\/mapa\/?page_id=6036","title":{"rendered":"Jaros\u0142aw Sypniewski"},"content":{"rendered":"<p class=\"western\">Urodzi\u0142 si\u0119 1 sierpnia 1957 w Zabrzu. Jest re\u017cyserem i operatorem filmowym. W roku 1980 uko\u0144czy\u0142 studia na Wydziale Operatorskim PWSFTviT w \u0141odzi.<\/p>\n<p class=\"western\">Wyre\u017cyserowa\u0142 i stworzy\u0142 zdj\u0119cia do wielu film\u00f3w dokumentalnych i fabularnych w Polsce i we Francji. Najg\u0142o\u015bniejszym jego filmem jest \u201e\u015awiadek koronny\u201d (2007) z Paw\u0142em Ma\u0142aszy\u0144skim, Robertem Wi\u0119ckiewiczem i Ma\u0142gorzat\u0105 Foremniak.<\/p>\n<p class=\"western\">W latach 1981-1992 przebywa\u0142 we Francji, gdzie zrealizowa\u0142 kilkadziesi\u0105t film\u00f3w dokumentalnych i promocyjnych. W 1989 za jeden z tych film\u00f3w \u201cTaq&#8217; pas la porte\u201d (\u201cWyspa Reunion: starych domostw czar\u201d) otrzyma\u0142 nagrod\u0119 za najlepsze zdj\u0119cia na Festiwalu Film\u00f3w o Architekturze w Bordeaux.<\/p>\n<p class=\"western\">W 1992 powr\u00f3ci\u0142 do kraju. W latach 1996-97 kierowa\u0142 redakcj\u0105 program\u00f3w niekodowanych w Canal+ Polska, a w latach 1998-2000 by\u0142 producentem nadzoruj\u0105cym dla WizjaTV.<\/p>\n<p class=\"western\">Wyre\u017cyserowa\u0142 wiele odcink\u00f3w popularnych seriali tj. &#8222;Odwr\u00f3ceni&#8221;, &#8222;Na Wsp\u00f3lnej&#8221; i &#8222;M jak mi\u0142o\u015b\u0107&#8221;.<\/p>\n<p class=\"western\">Ma na koncie wiele w\u0142asnych film\u00f3w dokumentalnych, kt\u00f3re wyre\u017cyserowa\u0142, napisa\u0142 do nich scenariusze i zrealizowa\u0142 zdj\u0119cia. Jeszcze we Francji powsta\u0142y &#8222;Jestem \u017bydem, bo taki mi si\u0119 podoba&#8221; (1985), &#8222;Gdzie indziej&#8221; (1988) i &#8222;W stron\u0119 Caracas&#8221; (1982). Po powrocie do Polski nakr\u0119ci\u0142 dokumenty &#8222;Historie o historii&#8221; (1992-1993), &#8222;Chopin&#8221; (1997), &#8222;Kresy&#8221; (1998) &#8211; opowiadaj\u0105cy o micie polskich Kres\u00f3w Wschodnich, &#8222;Cz\u0142owiek z Ligi&#8221; (2001) i &#8222;Sok\u00f3\u0142&#8221; (2003). W 2005 zrealizowa\u0142 film &#8222;Widowisko&#8221; (2005) opowiadaj\u0105cy o &#8222;Arirang&#8221; &#8211; gigantycznym, komunistycznym spektaklu propagandowym, odbywaj\u0105cym si\u0119 raz w roku na stadionie w Pyongyang, stolicy Korei P\u00f3\u0142nocnej.<\/p>\n<p class=\"western\">Sypniewski jest te\u017c autorem zdj\u0119\u0107 do serii dokumentalnej &#8222;Szklany dom&#8221; (1994), opowiadaj\u0105cej o historii designu oraz do dw\u00f3ch film\u00f3w o s\u0142ynnych artystach &#8222;Jan Lebenstein &#8211; dziennik samotnika&#8221; (1999) oraz &#8222;Kredyt i debet. Andrzej Wajda o sobie&#8221; (1999)<\/p>\n<p class=\"western\"><u><b>Nagrody<\/b><\/u><\/p>\n<p class=\"western\">1989 &#8211; \u201cTaq&#8217; pas la porte\u201d &#8211; nagroda za najlepsze zdj\u0119cia na Festiwalu Film\u00f3w o Architekturze w Bordeaux.<\/p>\n","protected":false},"excerpt":{"rendered":"<p>Urodzi\u0142 si\u0119 1 sierpnia 1957 w Zabrzu. Jest re\u017cyserem i operatorem filmowym. W roku 1980 uko\u0144czy\u0142 studia na Wydziale Operatorskim PWSFTviT w \u0141odzi. Wyre\u017cyserowa\u0142 i stworzy\u0142 zdj\u0119cia do wielu film\u00f3w dokumentalnych i fabularnych w Polsce i we Francji. Najg\u0142o\u015bniejszym jego filmem jest \u201e\u015awiadek koronny\u201d (2007) z Paw\u0142em Ma\u0142aszy\u0144skim, Robertem Wi\u0119ckiewiczem i Ma\u0142gorzat\u0105 Foremniak. W latach [&hellip;]<\/p>\n","protected":false},"author":1,"featured_media":0,"parent":6014,"menu_order":0,"comment_status":"closed","ping_status":"closed","template":"","meta":[],"_links":{"self":[{"href":"https:\/\/kinoroma.zabrze.pl\/mapa\/index.php?rest_route=\/wp\/v2\/pages\/6036"}],"collection":[{"href":"https:\/\/kinoroma.zabrze.pl\/mapa\/index.php?rest_route=\/wp\/v2\/pages"}],"about":[{"href":"https:\/\/kinoroma.zabrze.pl\/mapa\/index.php?rest_route=\/wp\/v2\/types\/page"}],"author":[{"embeddable":true,"href":"https:\/\/kinoroma.zabrze.pl\/mapa\/index.php?rest_route=\/wp\/v2\/users\/1"}],"replies":[{"embeddable":true,"href":"https:\/\/kinoroma.zabrze.pl\/mapa\/index.php?rest_route=%2Fwp%2Fv2%2Fcomments&post=6036"}],"version-history":[{"count":3,"href":"https:\/\/kinoroma.zabrze.pl\/mapa\/index.php?rest_route=\/wp\/v2\/pages\/6036\/revisions"}],"predecessor-version":[{"id":7260,"href":"https:\/\/kinoroma.zabrze.pl\/mapa\/index.php?rest_route=\/wp\/v2\/pages\/6036\/revisions\/7260"}],"up":[{"embeddable":true,"href":"https:\/\/kinoroma.zabrze.pl\/mapa\/index.php?rest_route=\/wp\/v2\/pages\/6014"}],"wp:attachment":[{"href":"https:\/\/kinoroma.zabrze.pl\/mapa\/index.php?rest_route=%2Fwp%2Fv2%2Fmedia&parent=6036"}],"curies":[{"name":"wp","href":"https:\/\/api.w.org\/{rel}","templated":true}]}}