{"id":6046,"date":"2020-09-28T07:28:29","date_gmt":"2020-09-28T05:28:29","guid":{"rendered":"http:\/\/new.kinoroma.zabrze.pl\/mapa\/?page_id=6046"},"modified":"2020-10-09T07:49:07","modified_gmt":"2020-10-09T05:49:07","slug":"tadeusz-bradecki","status":"publish","type":"page","link":"https:\/\/kinoroma.zabrze.pl\/mapa\/?page_id=6046","title":{"rendered":"Tadeusz Bradecki"},"content":{"rendered":"<p class=\"western\"><span lang=\"pl-PL\">Urodzony 2 stycznia 1955 w Zabrzu, aktor filmowy i teatralny, a tak\u017ce autor tekst\u00f3w sztuk i wybitny re\u017cyser teatralny. Jeden z wsp\u00f3\u0142tw\u00f3rc\u00f3w &#8222;kina moralnego niepokoju&#8221; oraz aktor Krzysztofa Zanussiego i Krzysztofa Kie\u015blowskiego. Wielokrotnie nagradzany za kreacje filmowe i re\u017cyseri\u0119 teatraln\u0105.<\/span><\/p>\n<p class=\"western\"><span lang=\"pl-PL\">Bradecki jest absolwentem dw\u00f3ch wydzia\u0142\u00f3w krakowskiej PWST: aktorskiego (1977) i re\u017cyserii dramatu (1981). Podczas studi\u00f3w re\u017cyserskich odby\u0142 sta\u017c w Teatrze Laboratorium we Wroc\u0142awiu oraz sta\u017c aktorski u legendarnego Petera Brooka.<\/span><\/p>\n<p class=\"western\"><span lang=\"pl-PL\">Od pocz\u0105tku swojej kariery artystycznej zwi\u0105zany z Teatrem Starym w Krakowie; w latach 1977\u20131990 jako aktor i re\u017cyser, p\u00f3\u017aniej w latach 1990\u20131996 dyrektor naczelny i artystyczny. Za jego kadencji Teatr Stary zosta\u0142 cz\u0142onkiem Unii Teatr\u00f3w Europy. Od 2007 jest dyrektorem artystycznym Teatru \u015al\u0105skiego im. Wyspia\u0144skiego w Katowicach. Wyk\u0142adowca na London Academy of Music and Dramatic Art.<\/span><\/p>\n<p class=\"western\"><span lang=\"pl-PL\">Jako aktor Bradecki gra\u0142 u najwi\u0119kszych tw\u00f3rc\u00f3w teatralnych: Jerzego Grzegorzewskiego, Andrzeja Wajdy, Giovanniego Pampiglione. <\/span><\/p>\n<p class=\"western\"><span lang=\"pl-PL\">By\u0142 jednym ze wsp\u00f3\u0142tw\u00f3rc\u00f3w kluczowego nurtu kina polskiego ko\u0144ca XX wieku &#8211; &#8222;kina moralnego niepokoju&#8221;. Wyst\u0105pi\u0142 w filmach Krzysztofa Kie\u015blowskiego &#8222;Amator&#8221; (1979, za t\u0119 role otrzyma\u0142 nagrod\u0119 za debiut aktorski), &#8222;Bez ko\u0144ca&#8221; (1985), Krzysztofa Zanussiego &#8222;Constans&#8221; (1980), &#8222;Rok spokojnego s\u0142o\u0144ca&#8221; (1984), &#8222;\u017bycie za \u017cycie&#8221; (1990), &#8222;\u017bycie jako \u015bmiertelna choroba&#8221; (2000) i Tadeusza Konwickiego &#8222;Dolina Issy&#8221; (1982), w kt\u00f3rych stworzy\u0142 portret wra\u017cliwego inteligenta uwik\u0142anego w trudn\u0105 rzeczywisto\u015b\u0107.<\/span><\/p>\n<p class=\"western\"><span lang=\"pl-PL\">Mistrzostwo osi\u0105gn\u0105\u0142 w swojej teatralnej tw\u00f3rczo\u015bci re\u017cyserskiej. Wyre\u017cyserowa\u0142 wysoko oceniane i nagradzane inscenizacje &#8222;Biednych ludzi&#8221; Fiodora Dostojewskiego (1983), &#8222;Woyzecka&#8221; Georga B\u00fcchnera, &#8222;Pana Jowialskiego&#8221; Aleksandra Fredry (1986). <\/span><\/p>\n<p class=\"western\"><span lang=\"pl-PL\">Jest te\u017c wybitnym re\u017cyserem Szekspirowskich arcydzie\u0142: &#8222;Jak wam si\u0119 podoba&#8221; (1993), &#8222;Romeo i Julia&#8221; (1994), &#8222;Miarka za miark\u0119&#8221; (1998), &#8222;Stracone zachody mi\u0142o\u015bci&#8221; (2003), &#8222;Wszystko dobre, co si\u0119 dobrze ko\u0144czy&#8221; (2008), &#8222;Poskromienie z\u0142o\u015bnicy&#8221; (2009) i &#8222;Wiele ha\u0142asu o nic&#8221; (2011). <\/span><\/p>\n<p class=\"western\"><span lang=\"pl-PL\">Zaadaptowa\u0142 te\u017c na scen\u0119 &#8222;R\u0119kopis znaleziony w Saragossie&#8221; Jana Potockiego (1992), dramaty Witolda Gombrowicza i tekst napisany \u015bl\u0105sk\u0105 gwar\u0105 &#8211; &#8222;Polterabend&#8221; Stanis\u0142awa Mutza, wielopokoleniowy fresk, w kt\u00f3rym odbija si\u0119 XX-wieczna historia G\u00f3rnego \u015al\u0105ska (2008). <\/span><\/p>\n<p class=\"western\"><span lang=\"pl-PL\">Ma r\u00f3wnie\u017c na koncie inscenizacj\u0119 opery &#8211; w 2012 wystawi\u0142 &#8222;Tosc\u0119&#8221; Giacomo Pucciniego w Operze \u015al\u0105skiej w Bytomiu. <\/span><\/p>\n<p class=\"western\"><span lang=\"pl-PL\">Wci\u0105\u017c wyst\u0119puje w filmach, m.in. &#8222;Genera\u0142 Nil (2009), &#8222;Nieulotne&#8221; (2012), &#8222;Obce cia\u0142o&#8221; (2014, re\u017c. Krzysztof Zanussi), &#8222;Eter&#8221;, (2019, re\u017c. Zanussi).<\/span><\/p>\n<p class=\"western\"><span lang=\"pl-PL\"><u><b>Nagrody<\/b><\/u><\/span><\/p>\n<p class=\"western\"><span lang=\"pl-PL\">1979 &#8211; Nagroda tygodnika &#8222;Film&#8221; za debiut aktorski w filmie &#8222;Amator&#8221; Krzysztofa Kie\u015blowskiego;<\/span><\/p>\n<p class=\"western\"><span lang=\"pl-PL\">1980 &#8211; Nagroda im. Leona Schillera; <\/span><\/p>\n<p class=\"western\"><span lang=\"pl-PL\">1983 &#8211; Nagroda g\u0142\u00f3wna oraz za debiut re\u017cyserski na XVIII Og\u00f3lnopolskim Przegl\u0105dzie Teatr\u00f3w Ma\u0142ych Form w Szczecinie;<\/span><\/p>\n<p class=\"western\"><span lang=\"pl-PL\">1984 \u2013 Nagroda I stopnia Ministra Kultury i Sztuki;<\/span><\/p>\n<p class=\"western\"><span lang=\"pl-PL\">1986 &#8211; Nagroda za re\u017cyseri\u0119 na XXV Festiwalu Polskich Sztuk Wsp\u00f3\u0142czesnych we Wroc\u0142awiu; Nagroda im. Konrada Swinarskiego przyznawana przez redakcj\u0119 miesi\u0119cznika \u201eTeatr\u201d, za sezon 1985\/1986<\/span><\/p>\n<p class=\"western\"><span lang=\"pl-PL\">1987 &#8211; Nagroda za re\u017cyseri\u0119 oraz Grand Prix za re\u017cyseri\u0119 &#8222;Wiosny Narod\u00f3w w cichym zak\u0105tku&#8221; na XIII Opolskich Konfrontacjach Teatralnych;<\/span><\/p>\n<p class=\"western\"><span lang=\"pl-PL\">1987 &#8211; Nagroda Ministra Kultury i Sztuki I stopnia za wybitne osi\u0105gni\u0119cia re\u017cyserskie i dramatopisarskie; Nagroda im. Stanis\u0142awa Wyspia\u0144skiego I stopnia <\/span><\/p>\n<p class=\"western\"><span lang=\"pl-PL\">1988 \u2013 Odznaka za zas\u0142ugi dla ziemi krakowskiej;<\/span><\/p>\n<p class=\"western\"><span lang=\"pl-PL\">1989 &#8211; Srebrny Krzy\u017c Zas\u0142ugi; Nagroda Teatralna Rzeczpospolitej<\/span><\/p>\n<p class=\"western\"><span lang=\"pl-PL\">1991 &#8211; Grand Prix na XVII Opolskich Konfrontacjach Teatralnych;<\/span><\/p>\n<p class=\"western\"><span lang=\"pl-PL\">1993 &#8211; Nagroda za realizacj\u0119 sceniczn\u0105 &#8222;R\u0119kopisu znalezionego w Saragossie&#8221; na XVIII Opolskich Konfrontacjach Teatralnych;<\/span><\/p>\n<p class=\"western\"><span lang=\"pl-PL\">1994 &#8211; Oskar Plastyk\u00f3w Wroc\u0142awskich<\/span><\/p>\n<p class=\"western\"><span lang=\"pl-PL\">1995 &#8211; Z\u0142oty Yorick &#8211; nagroda Fundacji Gedanense<\/span><\/p>\n<p class=\"western\"><span lang=\"pl-PL\">1997 &#8211; Z\u0142oty Wieniec Laurowy na Mi\u0119dzynarodowym Festiwalu Teatralnym w Sarajewie;<\/span><\/p>\n<p class=\"western\"><span lang=\"pl-PL\">1998 &#8211; Z\u0142oty Yorick &#8211; nagroda jury Fundacji Gedanense<\/span><\/p>\n<p class=\"western\"><span lang=\"pl-PL\">1998 &#8211; Grand Prix na II Og\u00f3lnopolskim Festiwalu &#8222;Talia&#8221; w Tarnowie;<\/span><\/p>\n<p class=\"western\"><span lang=\"pl-PL\">1999 &#8211; Z\u0142ota Maska dla przedstawienia &#8222;Miarka za miark\u0119&#8221; w Starym Teatrze w Krakowie;<\/span><\/p>\n<p class=\"western\"><span lang=\"pl-PL\">2001 &#8211; Nagroda Polskiego O\u015brodka ITI za popularyzacj\u0119 kultury teatralnej za granic\u0105;<\/span><\/p>\n<p class=\"western\"><span lang=\"pl-PL\">2005 \u2013 Nagroda dla najlepszego aktora za rol\u0119 w filmie &#8222;Powiedz co\u015b&#8221; na Festiwalu Filmowym \u201eJutro Filmu\u201d w Warszawie;<\/span><\/p>\n<p class=\"western\"><span lang=\"pl-PL\">2010 &#8211; Nagroda i tytu\u0142 &#8222;Przyjaciela \u015al\u0105ska&#8221;<\/span><\/p>\n<p class=\"western\"><span lang=\"pl-PL\">2013 \u2013 Srebrny Medal Zas\u0142u\u017cony Kulturze Gloria Artis.<br \/>\n<\/span><\/p>\n","protected":false},"excerpt":{"rendered":"<p>Urodzony 2 stycznia 1955 w Zabrzu, aktor filmowy i teatralny, a tak\u017ce autor tekst\u00f3w sztuk i wybitny re\u017cyser teatralny. Jeden z wsp\u00f3\u0142tw\u00f3rc\u00f3w &#8222;kina moralnego niepokoju&#8221; oraz aktor Krzysztofa Zanussiego i Krzysztofa Kie\u015blowskiego. Wielokrotnie nagradzany za kreacje filmowe i re\u017cyseri\u0119 teatraln\u0105. Bradecki jest absolwentem dw\u00f3ch wydzia\u0142\u00f3w krakowskiej PWST: aktorskiego (1977) i re\u017cyserii dramatu (1981). Podczas studi\u00f3w [&hellip;]<\/p>\n","protected":false},"author":1,"featured_media":0,"parent":6014,"menu_order":0,"comment_status":"closed","ping_status":"closed","template":"","meta":[],"_links":{"self":[{"href":"https:\/\/kinoroma.zabrze.pl\/mapa\/index.php?rest_route=\/wp\/v2\/pages\/6046"}],"collection":[{"href":"https:\/\/kinoroma.zabrze.pl\/mapa\/index.php?rest_route=\/wp\/v2\/pages"}],"about":[{"href":"https:\/\/kinoroma.zabrze.pl\/mapa\/index.php?rest_route=\/wp\/v2\/types\/page"}],"author":[{"embeddable":true,"href":"https:\/\/kinoroma.zabrze.pl\/mapa\/index.php?rest_route=\/wp\/v2\/users\/1"}],"replies":[{"embeddable":true,"href":"https:\/\/kinoroma.zabrze.pl\/mapa\/index.php?rest_route=%2Fwp%2Fv2%2Fcomments&post=6046"}],"version-history":[{"count":3,"href":"https:\/\/kinoroma.zabrze.pl\/mapa\/index.php?rest_route=\/wp\/v2\/pages\/6046\/revisions"}],"predecessor-version":[{"id":7185,"href":"https:\/\/kinoroma.zabrze.pl\/mapa\/index.php?rest_route=\/wp\/v2\/pages\/6046\/revisions\/7185"}],"up":[{"embeddable":true,"href":"https:\/\/kinoroma.zabrze.pl\/mapa\/index.php?rest_route=\/wp\/v2\/pages\/6014"}],"wp:attachment":[{"href":"https:\/\/kinoroma.zabrze.pl\/mapa\/index.php?rest_route=%2Fwp%2Fv2%2Fmedia&parent=6046"}],"curies":[{"name":"wp","href":"https:\/\/api.w.org\/{rel}","templated":true}]}}