{"id":6070,"date":"2020-09-28T07:43:35","date_gmt":"2020-09-28T05:43:35","guid":{"rendered":"http:\/\/new.kinoroma.zabrze.pl\/mapa\/?page_id=6070"},"modified":"2020-10-20T09:58:22","modified_gmt":"2020-10-20T07:58:22","slug":"25-lat-niewinnosci-sprawa-tomka-komendy","status":"publish","type":"page","link":"https:\/\/kinoroma.zabrze.pl\/mapa\/?page_id=6070","title":{"rendered":"25 lat niewinno\u015bci. Sprawa Tomka Komendy"},"content":{"rendered":"<h5><b>Re\u017c. Jan Holoubek<\/b><\/h5>\n<hr \/>\n<p><a href=\"https:\/\/kinoroma.zabrze.pl\/mapa\/wp-content\/uploads\/plakat-25-lat-niewinnosci-Sprawa-Tomka-Komendy.png\"><img loading=\"lazy\" class=\"alignleft wp-image-6281 size-medium\" src=\"https:\/\/kinoroma.zabrze.pl\/mapa\/wp-content\/uploads\/plakat-25-lat-niewinnosci-Sprawa-Tomka-Komendy-200x300.png\" alt=\"plakat\" width=\"200\" height=\"300\" srcset=\"https:\/\/kinoroma.zabrze.pl\/mapa\/wp-content\/uploads\/plakat-25-lat-niewinnosci-Sprawa-Tomka-Komendy-200x300.png 200w, https:\/\/kinoroma.zabrze.pl\/mapa\/wp-content\/uploads\/plakat-25-lat-niewinnosci-Sprawa-Tomka-Komendy.png 249w\" sizes=\"(max-width: 200px) 100vw, 200px\" \/><\/a>\u201e<b>25 lat niewinno\u015bci. Sprawa Tomka Komendy\u201d \u2013 debiut re\u017cyserski Jana Holoubka \u2013 to poruszaj\u0105cy dramat sensacyjny, oparty na prawdziwych wydarzeniach, kt\u00f3rymi \u017cy\u0142a ca\u0142a Polska. To fabularna opowie\u015b\u0107 o \u017cyciu Tomasza Komendy \u2013 m\u0142odego m\u0119\u017cczyzny nies\u0142usznie skazanego na 25 lat wi\u0119zienia za gwa\u0142t i zab\u00f3jstwo nastolatki. <\/b><\/p>\n<p>Tw\u00f3rcy filmu podejmuj\u0105 pr\u00f3b\u0119 znalezienia odpowiedzi na pytania nurtuj\u0105ce wszystkich do dzi\u015b. Jak to mog\u0142o si\u0119 wydarzy\u0107? Dlaczego niewinny cz\u0142owiek musia\u0142 a\u017c 18 lat czeka\u0107 w celi na sprawiedliwo\u015b\u0107?<\/p>\n<p>Za kamer\u0105 stan\u0105\u0142 <b>Jan Holoubek <\/b>\u2013 zdobywca Grand Prix festiwalu \u201eM\u0142odzi i Film\u201d, autor g\u0142o\u015bnego i popularnego serialu \u201eRojst\u201d (tak\u017ce cz\u0119\u015bciowo realizowanego w Zabrzu). Wy\u015bmienit\u0105 obsad\u0119 aktorsk\u0105 wsp\u00f3\u0142tworz\u0105 zdobywcy presti\u017cowych nagr\u00f3d filmowych, m.in.: <b>Agata Kulesza, Jan Frycz, Andrzej Konopka, Magdalena R\u00f3\u017cczka <\/b>i <b>Dariusz Chojnacki<\/b>. Rol\u0119 Tomasza Komendy zagra\u0142 niezwykle utalentowany <b>Piotr Trojan<\/b>, maj\u0105cy na koncie udzia\u0142 w takich produkcjach, jak: \u201eChce si\u0119 \u017cy\u0107\u201d, czy serial \u201ePu\u0142apka\u201d.<\/p>\n<p>Sprawa Komedy wstrz\u0105sn\u0119\u0142a opini\u0105 publiczn\u0105. Mia\u0142 23 lata, kiedy na podstawie donosu s\u0105siadki zosta\u0142 wtr\u0105cony do wi\u0119zienia i oskar\u017cony o morderstwo. Przez blisko dwie dekady przechodzi\u0142 piek\u0142o. Bity, zastraszany i upokarzany pozostawa\u0142 zdany tylko na siebie.<\/p>\n<p>Koszmar sko\u0144czyli po 18 latach dwaj prokuratorzy i policjant, kt\u00f3rzy postanowili odkry\u0107 prawd\u0119 stoj\u0105c\u0105 za t\u0105 zagadkow\u0105 spraw\u0105.<\/p>\n<p>Re\u017cyser tak m\u00f3wi\u0142 o przyczynach zaanga\u017cowania si\u0119 w ten temat: <i>\u201eTo, \u017ce Tomek Komenda odsiedzia\u0142 18 lat za zbrodni\u0119, kt\u00f3rej nie pope\u0142ni\u0142, wiedz\u0105 niemal wszyscy. Natomiast ma\u0142o kto wie o kulisach sprawy i tr\u00f3jce bohater\u00f3w, kt\u00f3rzy ryzykuj\u0105c niemal wszystko, wyci\u0105gn\u0119li go z wi\u0119ziennego piek\u0142a\u201d. <\/i><\/p>\n<p>Zdaniem Holoubka historia Komendy, w szerszym kontek\u015bcie uczy, \u017ce cho\u0107by\u015bmy popadli w najwi\u0119ksze \u017cyciowe tarapaty, sytuacj\u0119 wydawa\u0107 by si\u0119 mog\u0142o absolutnie bez wyj\u015bcia, zawsze istnieje mo\u017cliwo\u015b\u0107, \u017ce pojawi si\u0119 kto\u015b, kto wyci\u0105gnie do nas d\u0142o\u0144. <i>\u201eChcia\u0142bym, \u017ceby nasz film da\u0142 nadziej\u0119 wszystkim tym, kt\u00f3rzy my\u015bl\u0105, \u017ce nie ma dla nich ju\u017c szans\u201d <\/i>&#8211; podsumowuje re\u017cyser.<\/p>\n<p>\u201e25 lat niewinno\u015bci. Sprawa Tomka Komendy\u201d to poruszaj\u0105ca opowie\u015b\u0107 o niez\u0142omno\u015bci ludzkiego ducha, wytrwa\u0142o\u015bci oraz sile, jaka tkwi w rodzinie. Pe\u0142na napi\u0119cia i mocnych, wyrazistych postaci historia, stworzona wed\u0142ug najlepszych zachodnich wzorc\u00f3w.<\/p>\n<p>Film powsta\u0142 przy zaanga\u017cowaniu i pe\u0142nym wsparciu Tomasza Komendy i jego rodziny.<\/p>\n<h3><a href=\"\/mapa\/?ait-item=3-areszt-sledczy\"><u><b>Areszt \u015bledczy w Zabrzu<\/b><\/u><\/a><\/h3>\n<p><a\n\thref=\"\/mapa\/?ait-item=3-areszt-sledczy\"\n\t\tid=\"ait-sc-button-1\"\n\tclass=\"ait-sc-button alignright  buticon-left    simple\"\n\tstyle=\"width:240px;background-color:#001e92; border-color:#001e92;margin-top:20;margin-left:20;margin-right:20;margin-bottom:20;\"\n>\n\t<span class=\"container\">\n\t\t<span class=\"wrap\">\n\n\t\t\t\t\t\t\t\t\t\t\t\t<span class=\"icon\" style=\"text-align:left;\">\n\t\t\t\t\t\t<i class=\"fa fa fa-map-marker\" style=\"color: #ffffff;\"><\/i>\n\t\t\t\t\t<\/span>\n\t\t\t\t\t\t\t\n\t\t\t\t\t\t<span class=\"text\" style=\"text-align:left;\">\n\t\t\t\t\t\t\t\t<span class=\"title\" style=\"color:#ffffff;\">\n\t\t\t\t\tAreszt \u015bledczy\t\t\t\t<\/span>\n\t\t\t\t\t\t\t\t\t\t\t<\/span>\n\t\t\t\n\t\t\t\t\t\t\t\t\t\t\t\t<\/span>\n\t<\/span>\n<\/a>\nZdj\u0119cia do produkcji by\u0142y kr\u0119cone w s\u0142ynnym i jednym z najcz\u0119\u015bciej wykorzystywanych przez polskich filmowc\u00f3w obiekt\u00f3w w kraju &#8211; Areszt \u015aledczym w Zabrzu. Historia budynku si\u0119ga roku 1888, kiedy to obiekt zosta\u0142 oddany do u\u017cytku. Budynek wybudowali Niemcy jeszcze za czas\u00f3w Cesarstwa Niemieckiego. Zak\u0142ad penitencjarny sk\u0142ada\u0142 si\u0119 z dw\u00f3ch pawilon\u00f3w mieszkalnych, dw\u00f3ch budynk\u00f3w administracyjnych i siedmiu spacerniak\u00f3w. Dysponowa\u0142 miejscami dla blisko 300 wi\u0119\u017ani\u00f3w. Od 2016 roku w zak\u0142adzie znajdowa\u0142 si\u0119 r\u00f3wnie\u017c oddzia\u0142 dla 82 recydywist\u00f3w. Zgodnie z uchwa\u0142\u0105 ministerstwa wi\u0119zienie zosta\u0142o zlikwidowane w marcu 2018 roku, a osadzeni zostali przeniesieni do innych plac\u00f3wek penitencjarnych.<\/p>\n\n\t\t\t<div>\n\t\t\t<style type='text\/css'>\n\t\t\t\t#gallery-1 {\n\t\t\t\t\tmargin: auto;\n\t\t\t\t}\n\t\t\t\t#gallery-1 .gallery-item {\n\t\t\t\t\tfloat: left;\n\t\t\t\t\tmargin-top: 10px;\n\t\t\t\t\ttext-align: center;\n\t\t\t\t\twidth: 16%;\n\t\t\t\t}\n\t\t\t\t#gallery-1 img {\n\t\t\t\t\tborder: 2px solid #cfcfcf;\n\t\t\t\t}\n\t\t\t\t#gallery-1 .gallery-caption {\n\t\t\t\t\tmargin-left: 0;\n\t\t\t\t}\n\t\t\t\t\/* see gallery_shortcode() in wp-includes\/media.php *\/\n\t\t\t<\/style><\/div>\n\t\t<div id='gallery-1' class='gallery galleryid-6070 gallery-columns-6 gallery-size-thumbnail'><div class=\"gallery-inner-wrapper\"><dl class='gallery-item'>\n\t\t\t\t<dt class='gallery-icon landscape'>\n\t\t\t\t\t<a href='https:\/\/kinoroma.zabrze.pl\/mapa\/wp-content\/uploads\/25-lat-niewinnosci-Sprawa-Tomka-Komendy-fot-obert-Palka-oficjalne-materialy-dystrybutora-8.jpg'><img width=\"150\" height=\"150\" src=\"https:\/\/kinoroma.zabrze.pl\/mapa\/wp-content\/uploads\/25-lat-niewinnosci-Sprawa-Tomka-Komendy-fot-obert-Palka-oficjalne-materialy-dystrybutora-8-150x150.jpg\" class=\"attachment-thumbnail size-thumbnail\" alt=\"\" loading=\"lazy\" \/><\/a>\n\t\t\t\t<\/dt><dd><\/dd><\/dl><dl class='gallery-item'>\n\t\t\t\t<dt class='gallery-icon landscape'>\n\t\t\t\t\t<a href='https:\/\/kinoroma.zabrze.pl\/mapa\/wp-content\/uploads\/25-lat-niewinnosci-Sprawa-Tomka-Komendy-fot-obert-Palka-oficjalne-materialy-dystrybutora-5.jpg'><img width=\"150\" height=\"150\" src=\"https:\/\/kinoroma.zabrze.pl\/mapa\/wp-content\/uploads\/25-lat-niewinnosci-Sprawa-Tomka-Komendy-fot-obert-Palka-oficjalne-materialy-dystrybutora-5-150x150.jpg\" class=\"attachment-thumbnail size-thumbnail\" alt=\"\" loading=\"lazy\" \/><\/a>\n\t\t\t\t<\/dt><dd><\/dd><\/dl><dl class='gallery-item'>\n\t\t\t\t<dt class='gallery-icon landscape'>\n\t\t\t\t\t<a href='https:\/\/kinoroma.zabrze.pl\/mapa\/wp-content\/uploads\/25-lat-niewinnosci-Sprawa-Tomka-Komendy-fot-obert-Palka-oficjalne-materialy-dystrybutora-4.jpg'><img width=\"150\" height=\"150\" src=\"https:\/\/kinoroma.zabrze.pl\/mapa\/wp-content\/uploads\/25-lat-niewinnosci-Sprawa-Tomka-Komendy-fot-obert-Palka-oficjalne-materialy-dystrybutora-4-150x150.jpg\" class=\"attachment-thumbnail size-thumbnail\" alt=\"\" loading=\"lazy\" \/><\/a>\n\t\t\t\t<\/dt><dd><\/dd><\/dl><dl class='gallery-item'>\n\t\t\t\t<dt class='gallery-icon landscape'>\n\t\t\t\t\t<a href='https:\/\/kinoroma.zabrze.pl\/mapa\/wp-content\/uploads\/25-lat-niewinnosci-Sprawa-Tomka-Komendy-fot-obert-Palka-oficjalne-materialy-dystrybutora-3.jpg'><img width=\"150\" height=\"150\" src=\"https:\/\/kinoroma.zabrze.pl\/mapa\/wp-content\/uploads\/25-lat-niewinnosci-Sprawa-Tomka-Komendy-fot-obert-Palka-oficjalne-materialy-dystrybutora-3-150x150.jpg\" class=\"attachment-thumbnail size-thumbnail\" alt=\"\" loading=\"lazy\" \/><\/a>\n\t\t\t\t<\/dt><dd><\/dd><\/dl><dl class='gallery-item'>\n\t\t\t\t<dt class='gallery-icon landscape'>\n\t\t\t\t\t<a href='https:\/\/kinoroma.zabrze.pl\/mapa\/wp-content\/uploads\/25-lat-niewinnosci-Sprawa-Tomka-Komendy-fot-obert-Palka-oficjalne-materialy-dystrybutora-2.jpg'><img width=\"150\" height=\"150\" src=\"https:\/\/kinoroma.zabrze.pl\/mapa\/wp-content\/uploads\/25-lat-niewinnosci-Sprawa-Tomka-Komendy-fot-obert-Palka-oficjalne-materialy-dystrybutora-2-150x150.jpg\" class=\"attachment-thumbnail size-thumbnail\" alt=\"\" loading=\"lazy\" \/><\/a>\n\t\t\t\t<\/dt><dd><\/dd><\/dl><dl class='gallery-item'>\n\t\t\t\t<dt class='gallery-icon landscape'>\n\t\t\t\t\t<a href='https:\/\/kinoroma.zabrze.pl\/mapa\/wp-content\/uploads\/25-lat-niewinnosci-Sprawa-Tomka-Komendy-fot-obert-Palka-oficjalne-materialy-dystrybutora-1.jpg'><img width=\"150\" height=\"150\" src=\"https:\/\/kinoroma.zabrze.pl\/mapa\/wp-content\/uploads\/25-lat-niewinnosci-Sprawa-Tomka-Komendy-fot-obert-Palka-oficjalne-materialy-dystrybutora-1-150x150.jpg\" class=\"attachment-thumbnail size-thumbnail\" alt=\"\" loading=\"lazy\" \/><\/a>\n\t\t\t\t<\/dt><dd><\/dd><\/dl><br style=\"clear: both\" \/>\n\t\t\t\t<br style='clear: both;' \/>\n\t\t\t<\/div><\/div>\n\n<hr \/>\n<p><span style=\"color: #800000;\"><b>Metryczka filmu:<\/b><\/span><\/p>\n<p><span style=\"color: #800000;\">25 lat niewinno\u015bci. Sprawa Tomka Komendy<br \/>\n<\/span><span style=\"color: #800000;\">Polska, 2020<br \/>\n<\/span><\/p>\n<p><span style=\"color: #800000;\">Re\u017cyseria: Jan Holoubek<\/span><br \/>\n<span style=\"color: #800000;\">Scenariusz: Andrzej Go\u0142da<\/span><br \/>\n<span style=\"color: #800000;\">Zdj\u0119cia: Bart\u0142omiej Kaczmarek<\/span><br \/>\n<span style=\"color: #800000;\">Monta\u017c: Rafa\u0142 Listopad<\/span><br \/>\n<span style=\"color: #800000;\">Muzyka: Colin Stetson, Sarah Neufeld<\/span><br \/>\n<span style=\"color: #800000;\">Producent: Anna Wa\u015bniewska-gill<\/span><br \/>\n<span style=\"color: #800000;\">Produkcja: TVN<br \/>\n<\/span><span style=\"color: #800000;\">Czas trwania: 112 min<br \/>\nObsada: Piotr Trojan, Agata Kulesza, Dariusz Chojnacki, Miko\u0142aj Chroboczek, \u0141ukasz Lewandowski i Inni.<\/span><\/p>\n<hr \/>\n<p><u><b>Trailer: <\/b><\/u><u><a href=\"https:\/\/www.youtube.com\/watch?v=NIRbU6cmIow\">https:\/\/www.youtube.com\/watch?v=NIRbU6cmIow<\/a><\/u><\/p>\n<p><iframe loading=\"lazy\" src=\"https:\/\/www.youtube.com\/embed\/NIRbU6cmIow\" width=\"560\" height=\"315\" frameborder=\"0\" allowfullscreen=\"allowfullscreen\"><\/iframe><\/p>\n","protected":false},"excerpt":{"rendered":"<p>Re\u017c. Jan Holoubek \u201e25 lat niewinno\u015bci. Sprawa Tomka Komendy\u201d \u2013 debiut re\u017cyserski Jana Holoubka \u2013 to poruszaj\u0105cy dramat sensacyjny, oparty na prawdziwych wydarzeniach, kt\u00f3rymi \u017cy\u0142a ca\u0142a Polska. To fabularna opowie\u015b\u0107 o \u017cyciu Tomasza Komendy \u2013 m\u0142odego m\u0119\u017cczyzny nies\u0142usznie skazanego na 25 lat wi\u0119zienia za gwa\u0142t i zab\u00f3jstwo nastolatki. Tw\u00f3rcy filmu podejmuj\u0105 pr\u00f3b\u0119 znalezienia odpowiedzi na [&hellip;]<\/p>\n","protected":false},"author":1,"featured_media":0,"parent":6068,"menu_order":0,"comment_status":"closed","ping_status":"closed","template":"","meta":[],"_links":{"self":[{"href":"https:\/\/kinoroma.zabrze.pl\/mapa\/index.php?rest_route=\/wp\/v2\/pages\/6070"}],"collection":[{"href":"https:\/\/kinoroma.zabrze.pl\/mapa\/index.php?rest_route=\/wp\/v2\/pages"}],"about":[{"href":"https:\/\/kinoroma.zabrze.pl\/mapa\/index.php?rest_route=\/wp\/v2\/types\/page"}],"author":[{"embeddable":true,"href":"https:\/\/kinoroma.zabrze.pl\/mapa\/index.php?rest_route=\/wp\/v2\/users\/1"}],"replies":[{"embeddable":true,"href":"https:\/\/kinoroma.zabrze.pl\/mapa\/index.php?rest_route=%2Fwp%2Fv2%2Fcomments&post=6070"}],"version-history":[{"count":28,"href":"https:\/\/kinoroma.zabrze.pl\/mapa\/index.php?rest_route=\/wp\/v2\/pages\/6070\/revisions"}],"predecessor-version":[{"id":7599,"href":"https:\/\/kinoroma.zabrze.pl\/mapa\/index.php?rest_route=\/wp\/v2\/pages\/6070\/revisions\/7599"}],"up":[{"embeddable":true,"href":"https:\/\/kinoroma.zabrze.pl\/mapa\/index.php?rest_route=\/wp\/v2\/pages\/6068"}],"wp:attachment":[{"href":"https:\/\/kinoroma.zabrze.pl\/mapa\/index.php?rest_route=%2Fwp%2Fv2%2Fmedia&parent=6070"}],"curies":[{"name":"wp","href":"https:\/\/api.w.org\/{rel}","templated":true}]}}