{"id":6099,"date":"2020-09-28T08:11:47","date_gmt":"2020-09-28T06:11:47","guid":{"rendered":"http:\/\/new.kinoroma.zabrze.pl\/mapa\/?page_id=6099"},"modified":"2020-10-20T09:23:31","modified_gmt":"2020-10-20T07:23:31","slug":"co-slonko-widzialo","status":"publish","type":"page","link":"https:\/\/kinoroma.zabrze.pl\/mapa\/?page_id=6099","title":{"rendered":"Co s\u0142onko widzia\u0142o"},"content":{"rendered":"<h5 class=\"western\" lang=\"pl\"><strong>Re\u017c. Micha\u0142 Rosa<\/strong><\/h5>\n<hr \/>\n<p><b><a href=\"https:\/\/kinoroma.zabrze.pl\/mapa\/wp-content\/uploads\/plakat-co-slonko-widzialo.jpg\"><img loading=\"lazy\" class=\"alignleft wp-image-6347 size-medium\" src=\"https:\/\/kinoroma.zabrze.pl\/mapa\/wp-content\/uploads\/plakat-co-slonko-widzialo-209x300.jpg\" alt=\"plakat\" width=\"209\" height=\"300\" srcset=\"https:\/\/kinoroma.zabrze.pl\/mapa\/wp-content\/uploads\/plakat-co-slonko-widzialo-209x300.jpg 209w, https:\/\/kinoroma.zabrze.pl\/mapa\/wp-content\/uploads\/plakat-co-slonko-widzialo.jpg 278w\" sizes=\"(max-width: 209px) 100vw, 209px\" \/><\/a>Co mo\u017ce \u0142\u0105czy\u0107 12-letniego Seb\u0119, emerytowanego g\u00f3rnika J\u00f3zefa i 17-letni\u0105 Mart\u0119? To marzenia, bo ka\u017cde z nich marzy o czym\u015b wa\u017cnym i z determinacj\u0105 walczy o to, stawiaj\u0105c czo\u0142a rzeczywisto\u015bci. Jest jeszcze jeden wsp\u00f3lny mianownik &#8211; Seba, J\u00f3zef i Marta mieszkaj\u0105 na \u015al\u0105sku, kt\u00f3ry staje si\u0119 czwartym \u201ebohaterem\u201d filmu. <\/b><\/p>\n<p>Micha\u0142 Rosa, tw\u00f3rca \u201eGor\u0105cego czwartku&#8221;, \u201eFarby&#8221;, \u201eCiszy&#8221;, \u201eRysy&#8221; i serialu \u201eCzas honoru&#8221; zabiera nas do ma\u0142ego, \u015bl\u0105skiego miasteczka, by opowiedzie\u0107 histori\u0119 walki o godno\u015b\u0107 i marzenia.<\/p>\n<p>Uhonorowany na festiwalu filmowym w Gdyni Nagrod\u0105 Specjaln\u0105 Jury obraz, to kolejna, \u201e\u015bl\u0105ska podr\u00f3\u017c filmowa\u201d Micha\u0142a Rosy. Na sw\u00f3j spos\u00f3b Rosa kroczy bowiem drog\u0105 wytyczon\u0105 przez wielkiego Kazimierza Kutza. Tak jak u Kutza, \u015al\u0105sk staje si\u0119 pe\u0142noprawnym bohaterem jego film\u00f3w. Ale to nie powinno nikogo dziwi\u0107, bo Rosa jest rodowitym Zabrzaninem!<\/p>\n<p>Gdy ogl\u0105da si\u0119 jego filmy od razu wida\u0107, \u017ce portretuje rodzinn\u0105 ziemi\u0119 i ludzi tu mieszkaj\u0105cych ze szczeg\u00f3ln\u0105 uwag\u0105 i &#8211; nie b\u00f3jmy si\u0119 tych s\u0142\u00f3w &#8211; swoist\u0105 czu\u0142o\u015bci\u0105.<\/p>\n<p>Rosa wybra\u0142 dla swojego filmu bardzo przewrotny tytu\u0142. Zaczerpn\u0105\u0142 go ze zbioru wierszy dla dzieci, autorstwa Marii Konopnickiej, tymczasem jego filmowe \u201eS\u0142onko\u201d widzi rzeczy bardzo odleg\u0142e od klimatu owych sympatycznych wierszyk\u00f3w. Re\u017cyser z bolesn\u0105 szczero\u015bci\u0105 pokazuje bied\u0119, brud i brzydot\u0119 \u015bwiata swoich bohater\u00f3w. \u201e<i>Budowa\u0142em ten scenariusz z setek drobnych, wyczytanych w gazetach notatek. Z zas\u0142yszanych opowie\u015bci, policyjnych relacji, podpatrzonych scen i strz\u0119p\u00f3w dialog\u00f3w. Budowa\u0142em z materii codziennego \u017cycia&#8221;<\/i> &#8211; m\u00f3wi\u0142 w wywiadzie.<\/p>\n<p>\u201eCo s\u0142onko widzia\u0142o&#8221; to trzy historie o ludziach, kt\u00f3rym los nie szcz\u0119dzi cios\u00f3w, ale mimo tego nadal maj\u0105 marzenia &#8211; dla innych mo\u017ce niewa\u017cne i \u015bmieszne, dla nich stanowi\u0105ce sens \u017cycia.<\/p>\n<p><a href=\"https:\/\/kinoroma.zabrze.pl\/mapa\/wp-content\/uploads\/Co-slonko-widzialo-Michal-Rosa-fot-oficjalne-mat-promocyjne-dystrybutora-3.png\"><img loading=\"lazy\" class=\"alignleft wp-image-6346 size-medium\" src=\"https:\/\/kinoroma.zabrze.pl\/mapa\/wp-content\/uploads\/Co-slonko-widzialo-Michal-Rosa-fot-oficjalne-mat-promocyjne-dystrybutora-3-300x198.png\" alt=\"img\" width=\"300\" height=\"198\" srcset=\"https:\/\/kinoroma.zabrze.pl\/mapa\/wp-content\/uploads\/Co-slonko-widzialo-Michal-Rosa-fot-oficjalne-mat-promocyjne-dystrybutora-3-300x198.png 300w, https:\/\/kinoroma.zabrze.pl\/mapa\/wp-content\/uploads\/Co-slonko-widzialo-Michal-Rosa-fot-oficjalne-mat-promocyjne-dystrybutora-3.png 679w\" sizes=\"(max-width: 300px) 100vw, 300px\" \/><\/a>12-letni Seba (<b>Damian Hryniewicz<\/b>) zbiera pieni\u0105dze na wyci\u0119cie drzewa zas\u0142aniaj\u0105cego mu widok z okna na gr\u00f3b ukochanej Mamy. Emerytowany g\u00f3rnik J\u00f3zef (jak zawsze znakomity <b>Krzysztof Stroi\u0144ski<\/b>) potrzebuje pieni\u0119dzy, by pom\u00f3c \u017conie (laureatka Z\u0142otej Palmy w Cannes <b>Jadwiga Jankowska-Cie\u015blak<\/b>), kt\u00f3ra w wypadku samochodowym straci\u0142a z\u0119by, a wkr\u00f3tce ma zjazd absolwent\u00f3w szko\u0142y. 17-letnia Marta (<b>Dominika Klu\u017aniak <\/b>&#8211; \u201ePowidoki\u201d, \u201ePsy 3\u201d) \u015bpiewa w ko\u015bcielnym ch\u00f3rze, ale marzy o karierze scenicznej i wyst\u0119pie na festiwalu w Norwegii. Tylko z czego zap\u0142aci za podr\u00f3\u017c i wpisowe?<\/p>\n<p>Film Rosy to obraz dopracowany i przemy\u015blany w ka\u017cdym calu. Nie mo\u017ce wi\u0119c dziwi\u0107, \u017ce swoimi nagrodami uhonorowa\u0142y go takie festiwale jak Lubuskie Lato Filmowe, FPFF w Gdyni (5 nagr\u00f3d) oraz w Polish Film Festival w Nowym Jorku.<\/p>\n<p>Tak pisa\u0142a o o nim recenzentka Filmweb.pl: \u201e<i>Re\u017cyser buduj\u0105c przekonuj\u0105ce portrety psychologiczne <\/i><i>(&#8230;) <\/i><i>bez czu\u0142ostkowo\u015bci opowiada o ludziach pogubionych i odrzuconych. Zamiast dawa\u0107 rozwi\u0105zania i stawia\u0107 diagnozy na temat rzeczywisto\u015bci, opisuje \u015bwiat i robi to bez epatowania okrucie\u0144stwem, staraj\u0105c si\u0119 nie dopowiada\u0107 wszystkiego do ko\u0144ca\u201d. <\/i><\/p>\n<p>Ale, jak wspomnieli\u015bmy, w filmie \u201egra\u201d jeszcze jeden &#8211; zbiorowy &#8211; bohater. Poprzez losy mieszka\u0144c\u00f3w ma\u0142ego miasteczka, Rosa kre\u015bli przejmuj\u0105cy obraz dzisiejszego \u015al\u0105ska, z jego bol\u0105czkami i problemami.<\/p>\n<a\n\thref=\"\/mapa\/?ait-item=11-ck-wiatrak\"\n\t\tid=\"ait-sc-button-1\"\n\tclass=\"ait-sc-button alignright  buticon-left    simple\"\n\tstyle=\"width:240px;background-color:#001e92; border-color:#001e92;margin-top:20;margin-left:20;margin-right:20;margin-bottom:20;\"\n>\n\t<span class=\"container\">\n\t\t<span class=\"wrap\">\n\n\t\t\t\t\t\t\t\t\t\t\t\t<span class=\"icon\" style=\"text-align:left;\">\n\t\t\t\t\t\t<i class=\"fa fa fa-map-marker\" style=\"color: #ffffff;\"><\/i>\n\t\t\t\t\t<\/span>\n\t\t\t\t\t\t\t\n\t\t\t\t\t\t<span class=\"text\" style=\"text-align:left;\">\n\t\t\t\t\t\t\t\t<span class=\"title\" style=\"color:#ffffff;\">\n\t\t\t\t\tCK Wiatrak\t\t\t\t<\/span>\n\t\t\t\t\t\t\t\t\t\t\t<\/span>\n\t\t\t\n\t\t\t\t\t\t\t\t\t\t\t\t<\/span>\n\t<\/span>\n<\/a>\n\n<a\n\thref=\"\/mapa\/?ait-item=22-centrum-pl-krakowski\"\n\t\tid=\"ait-sc-button-2\"\n\tclass=\"ait-sc-button alignright  buticon-left    simple\"\n\tstyle=\"width:240px;background-color:#001e92; border-color:#001e92;margin-top:20;margin-left:20;margin-right:20;margin-bottom:20;\"\n>\n\t<span class=\"container\">\n\t\t<span class=\"wrap\">\n\n\t\t\t\t\t\t\t\t\t\t\t\t<span class=\"icon\" style=\"text-align:left;\">\n\t\t\t\t\t\t<i class=\"fa fa fa-map-marker\" style=\"color: #ffffff;\"><\/i>\n\t\t\t\t\t<\/span>\n\t\t\t\t\t\t\t\n\t\t\t\t\t\t<span class=\"text\" style=\"text-align:left;\">\n\t\t\t\t\t\t\t\t<span class=\"title\" style=\"color:#ffffff;\">\n\t\t\t\t\tPlac Krakowski\t\t\t\t<\/span>\n\t\t\t\t\t\t\t\t\t\t\t<\/span>\n\t\t\t\n\t\t\t\t\t\t\t\t\t\t\t\t<\/span>\n\t<\/span>\n<\/a>\n\n<p>Je\u017celi mamy w sobie cho\u0107 troch\u0119 empatii, obejrzenie \u201eS\u0142onka\u201d b\u0119dzie trudnym prze\u017cyciem. Chcia\u0142oby si\u0119 ze wszystkich si\u0142 poda\u0107 pomocn\u0105 d\u0142o\u0144 tr\u00f3jce bohater\u00f3w, kt\u00f3rzy gotowi s\u0105 nawet na najwi\u0119ksze upokorzenia, by osi\u0105gn\u0105\u0107 cel. Bo stawk\u0105 s\u0105 marzenia, a przecie\u017c one s\u0105 warte ka\u017cdej ceny.<\/p>\n<p>&#8212;<\/p>\n<p>PS: Opr\u00f3cz filmu kinowego, powstawa\u0142y r\u00f3wnolegle 3 produkcje telewizyjne &#8211; ka\u017cdy wed\u0142ug osobnego scenariusza autorstwa Micha\u0142a Rosy &#8211; opowiadaj\u0105ce o tych samych bohaterach.<\/p>\n<p><u><b>Nagrody i wyr\u00f3\u017cnienia<\/b><\/u><\/p>\n<p>Lubuskie Lato Filmowe &#8211; Nagroda Fundacji Wsp\u00f3\u0142pracy Polsko-Niemieckiej dla najlepszego filmu polskiego, Festiwal Polskich Film\u00f3w Fabularnych w Gdyni Nagroda Specjalna Jury i 4 inne; Og\u00f3lnopolski Festiwal Sztuki Filmowej &#8222;Prowincjonalia&#8221; &#8211; \u201eJa\u0144cio Wodnik&#8221; za zdj\u0119cia, The New York Polish Film Festival &#8211; Nagroda Publiczno\u015bci<\/p>\n\n\t\t\t<div>\n\t\t\t<style type='text\/css'>\n\t\t\t\t#gallery-1 {\n\t\t\t\t\tmargin: auto;\n\t\t\t\t}\n\t\t\t\t#gallery-1 .gallery-item {\n\t\t\t\t\tfloat: left;\n\t\t\t\t\tmargin-top: 10px;\n\t\t\t\t\ttext-align: center;\n\t\t\t\t\twidth: 20%;\n\t\t\t\t}\n\t\t\t\t#gallery-1 img {\n\t\t\t\t\tborder: 2px solid #cfcfcf;\n\t\t\t\t}\n\t\t\t\t#gallery-1 .gallery-caption {\n\t\t\t\t\tmargin-left: 0;\n\t\t\t\t}\n\t\t\t\t\/* see gallery_shortcode() in wp-includes\/media.php *\/\n\t\t\t<\/style><\/div>\n\t\t<div id='gallery-1' class='gallery galleryid-6099 gallery-columns-5 gallery-size-thumbnail'><div class=\"gallery-inner-wrapper\"><dl class='gallery-item'>\n\t\t\t\t<dt class='gallery-icon landscape'>\n\t\t\t\t\t<a href='https:\/\/kinoroma.zabrze.pl\/mapa\/wp-content\/uploads\/Co-slonko-widzialo-Michal-Rosa-fot-oficjalne-mat-promocyjne-dystrybutora-2.png'><img width=\"150\" height=\"150\" src=\"https:\/\/kinoroma.zabrze.pl\/mapa\/wp-content\/uploads\/Co-slonko-widzialo-Michal-Rosa-fot-oficjalne-mat-promocyjne-dystrybutora-2-150x150.png\" class=\"attachment-thumbnail size-thumbnail\" alt=\"\" loading=\"lazy\" \/><\/a>\n\t\t\t\t<\/dt><dd><\/dd><\/dl><dl class='gallery-item'>\n\t\t\t\t<dt class='gallery-icon landscape'>\n\t\t\t\t\t<a href='https:\/\/kinoroma.zabrze.pl\/mapa\/wp-content\/uploads\/Co-slonko-widzialo-Michal-Rosa-fot-oficjalne-mat-promocyjne-dystrybutora-1.png'><img width=\"150\" height=\"150\" src=\"https:\/\/kinoroma.zabrze.pl\/mapa\/wp-content\/uploads\/Co-slonko-widzialo-Michal-Rosa-fot-oficjalne-mat-promocyjne-dystrybutora-1-150x150.png\" class=\"attachment-thumbnail size-thumbnail\" alt=\"\" loading=\"lazy\" \/><\/a>\n\t\t\t\t<\/dt><dd><\/dd><\/dl>\n\t\t\t\t<br style='clear: both;' \/>\n\t\t\t<\/div><\/div>\n\n<hr \/>\n<p><span style=\"color: #800000;\"><u><b>Metryczka filmu<br \/>\n<\/b><\/u>\u201eCo s\u0142onko widzia\u0142o\u201d<br \/>\nPolska, 2006,<\/span><\/p>\n<p><span style=\"color: #800000;\">Re\u017cyseria i scenariusz: Micha\u0142 Rosa<\/span><br \/>\n<span style=\"color: #800000;\">Muzyka: Mateusz Pospieszalski<\/span><br \/>\n<span style=\"color: #800000;\">Zdj\u0119cia: Andrzej Szulkowski, Bart\u0142omiej Kaczmarek<\/span><br \/>\n<span style=\"color: #800000;\">Monta\u017c: Krzysztof Szpetma\u0144ski<\/span><br \/>\n<span style=\"color: #800000;\">Produkcja: Filmcontract Ltd., Telewizja Polska &#8211; Agencja Filmowa, Wytw\u00f3rnia Film\u00f3w Dokumentalnych i Fabularnych w Warszawie<\/span><br \/>\n<span style=\"color: #800000;\">Dystrybucja: Kino \u015awiat<\/span><br \/>\n<span style=\"color: #800000;\">Czas trwania: 108 min<\/span><br \/>\n<span style=\"color: #800000;\">Obsada: Damian Hryniewicz, Krzysztof Stroi\u0144ski, Dominika Klu\u017aniak, Tomasz Sapryk, Jadwiga Jankowska-Cie\u015blak, Kinga Preis, Andrzej Mastalerz<\/span><\/p>\n<hr \/>\n<p><u><b>Trailer: <\/b><\/u><a href=\"https:\/\/youtu.be\/WoSOHml7b20\"><u>https:\/\/youtu.be\/WoSOHml7b20<\/u><\/a><\/p>\n<p><iframe loading=\"lazy\" src=\"https:\/\/www.youtube.com\/embed\/WoSOHml7b20\" width=\"560\" height=\"315\" frameborder=\"0\" allowfullscreen=\"allowfullscreen\"><\/iframe><\/p>\n","protected":false},"excerpt":{"rendered":"<p>Re\u017c. Micha\u0142 Rosa Co mo\u017ce \u0142\u0105czy\u0107 12-letniego Seb\u0119, emerytowanego g\u00f3rnika J\u00f3zefa i 17-letni\u0105 Mart\u0119? To marzenia, bo ka\u017cde z nich marzy o czym\u015b wa\u017cnym i z determinacj\u0105 walczy o to, stawiaj\u0105c czo\u0142a rzeczywisto\u015bci. Jest jeszcze jeden wsp\u00f3lny mianownik &#8211; Seba, J\u00f3zef i Marta mieszkaj\u0105 na \u015al\u0105sku, kt\u00f3ry staje si\u0119 czwartym \u201ebohaterem\u201d filmu. Micha\u0142 Rosa, tw\u00f3rca [&hellip;]<\/p>\n","protected":false},"author":1,"featured_media":0,"parent":6068,"menu_order":0,"comment_status":"closed","ping_status":"closed","template":"","meta":[],"_links":{"self":[{"href":"https:\/\/kinoroma.zabrze.pl\/mapa\/index.php?rest_route=\/wp\/v2\/pages\/6099"}],"collection":[{"href":"https:\/\/kinoroma.zabrze.pl\/mapa\/index.php?rest_route=\/wp\/v2\/pages"}],"about":[{"href":"https:\/\/kinoroma.zabrze.pl\/mapa\/index.php?rest_route=\/wp\/v2\/types\/page"}],"author":[{"embeddable":true,"href":"https:\/\/kinoroma.zabrze.pl\/mapa\/index.php?rest_route=\/wp\/v2\/users\/1"}],"replies":[{"embeddable":true,"href":"https:\/\/kinoroma.zabrze.pl\/mapa\/index.php?rest_route=%2Fwp%2Fv2%2Fcomments&post=6099"}],"version-history":[{"count":13,"href":"https:\/\/kinoroma.zabrze.pl\/mapa\/index.php?rest_route=\/wp\/v2\/pages\/6099\/revisions"}],"predecessor-version":[{"id":7592,"href":"https:\/\/kinoroma.zabrze.pl\/mapa\/index.php?rest_route=\/wp\/v2\/pages\/6099\/revisions\/7592"}],"up":[{"embeddable":true,"href":"https:\/\/kinoroma.zabrze.pl\/mapa\/index.php?rest_route=\/wp\/v2\/pages\/6068"}],"wp:attachment":[{"href":"https:\/\/kinoroma.zabrze.pl\/mapa\/index.php?rest_route=%2Fwp%2Fv2%2Fmedia&parent=6099"}],"curies":[{"name":"wp","href":"https:\/\/api.w.org\/{rel}","templated":true}]}}