{"id":6137,"date":"2020-09-28T08:32:49","date_gmt":"2020-09-28T06:32:49","guid":{"rendered":"http:\/\/new.kinoroma.zabrze.pl\/mapa\/?page_id=6137"},"modified":"2020-10-20T09:41:11","modified_gmt":"2020-10-20T07:41:11","slug":"pakt-ii-serial","status":"publish","type":"page","link":"https:\/\/kinoroma.zabrze.pl\/mapa\/?page_id=6137","title":{"rendered":"Pakt II \/serial"},"content":{"rendered":"<h5 class=\"western\" lang=\"pl\"><b>Re\u017c. Leszek Dawid<\/b><\/h5>\n<hr \/>\n<div id=\"attachment_6485\" style=\"width: 310px\" class=\"wp-caption alignleft\"><a href=\"https:\/\/kinoroma.zabrze.pl\/mapa\/wp-content\/uploads\/PAKT-oficjalne-materialy-prasowe-HBO-10.jpg\"><img aria-describedby=\"caption-attachment-6485\" loading=\"lazy\" class=\"wp-image-6485 size-medium\" src=\"https:\/\/kinoroma.zabrze.pl\/mapa\/wp-content\/uploads\/PAKT-oficjalne-materialy-prasowe-HBO-10-300x200.jpg\" alt=\"\" width=\"300\" height=\"200\" srcset=\"https:\/\/kinoroma.zabrze.pl\/mapa\/wp-content\/uploads\/PAKT-oficjalne-materialy-prasowe-HBO-10-300x200.jpg 300w, https:\/\/kinoroma.zabrze.pl\/mapa\/wp-content\/uploads\/PAKT-oficjalne-materialy-prasowe-HBO-10-1024x684.jpg 1024w, https:\/\/kinoroma.zabrze.pl\/mapa\/wp-content\/uploads\/PAKT-oficjalne-materialy-prasowe-HBO-10-768x513.jpg 768w, https:\/\/kinoroma.zabrze.pl\/mapa\/wp-content\/uploads\/PAKT-oficjalne-materialy-prasowe-HBO-10.jpg 1400w\" sizes=\"(max-width: 300px) 100vw, 300px\" \/><\/a><p id=\"caption-attachment-6485\" class=\"wp-caption-text\">Pakt &#8211; sezon 2<\/p><\/div>\n<p><b>Drugi sezon serialu HBO \u201ePakt&#8221; z Marcinem Doroci\u0144skim w roli nieust\u0119pliwego dziennikarza \u015bledczego, kt\u00f3ry wpada na trop powi\u0105za\u0144 na najwy\u017cszych szczeblach w\u0142adzy, kr\u0119cony by\u0142 na \u015al\u0105sku. Tym razem redaktor Grodecki odkrywa skandal seksualny, w kt\u00f3ry zamieszany jest jeden z ministr\u00f3w. Z determinacj\u0105 walczy, aby ujawni\u0107 niewygodne szczeg\u00f3\u0142y zdarzenia. <\/b><\/p>\n<p>Tw\u00f3rcy drugiego sezonu \u201ePaktu\u201d przenosz\u0105 nas na \u015al\u0105sk. Dochodzi tu do tragicznego wypadku w jednej z kopal\u0144. Doprowadza to do konfrontacji mi\u0119dzy przyby\u0142ym na miejsce katastrofy premierem (<b>Mariusz Bonaszewski<\/b>), a siln\u0105 i pe\u0142n\u0105 idea\u0142\u00f3w prezydent Bytomia, Ann\u0105 Wagner (<b>Magdalena Pop\u0142awska<\/b>). Od tego momentu zaczyna si\u0119 medialna walka o to, czyja wersja zdarze\u0144 jest prawdziwa. Splot wypadk\u00f3w zdestabilizuje sytuacj\u0119 polityczn\u0105 w Polsce.<\/p>\n<p>Na tym tle redaktor Grodecki pr\u00f3buje rozwi\u0105za\u0107 zagadk\u0119 skandalu seksualnego, ale szybko okazuje si\u0119, \u017ce b\u0119dzie te\u017c musia\u0142 chroni\u0107 swojego g\u0142\u00f3wnego \u015bwiadka.<\/p>\n<p>Akcja serialu toczy si\u0119 w \u015bwiecie, gdzie polityka, media i biznes przenikaj\u0105 si\u0119 wzajemnie, zacieraj\u0105c granice mi\u0119dzy prawd\u0105 i fa\u0142szem. W g\u0142\u00f3wne role znakomicie wcielaj\u0105 si\u0119 uznani aktorzy \u2013 Marcin Doroci\u0144ski (\u201eR\u00f3\u017ca\u201d, \u201eJack Strong\u201d), Magdalena Pop\u0142awska (\u201eProsta historia o mi\u0142o\u015bci\u201d, serial HBO \u201eWataha\u201d) i <b>Adam Woronowicz <\/b>(\u201eDemon\u201d, \u201ePakt I\u201d)<\/p>\n<p><a href=\"https:\/\/kinoroma.zabrze.pl\/mapa\/wp-content\/uploads\/PAKT-oficjalne-materialy-prasowe-HBO-12.jpg\"><img loading=\"lazy\" class=\"alignright wp-image-6487 size-medium\" src=\"https:\/\/kinoroma.zabrze.pl\/mapa\/wp-content\/uploads\/PAKT-oficjalne-materialy-prasowe-HBO-12-300x200.jpg\" alt=\"\" width=\"300\" height=\"200\" srcset=\"https:\/\/kinoroma.zabrze.pl\/mapa\/wp-content\/uploads\/PAKT-oficjalne-materialy-prasowe-HBO-12-300x200.jpg 300w, https:\/\/kinoroma.zabrze.pl\/mapa\/wp-content\/uploads\/PAKT-oficjalne-materialy-prasowe-HBO-12-1024x682.jpg 1024w, https:\/\/kinoroma.zabrze.pl\/mapa\/wp-content\/uploads\/PAKT-oficjalne-materialy-prasowe-HBO-12-768x512.jpg 768w, https:\/\/kinoroma.zabrze.pl\/mapa\/wp-content\/uploads\/PAKT-oficjalne-materialy-prasowe-HBO-12.jpg 1400w\" sizes=\"(max-width: 300px) 100vw, 300px\" \/><\/a>W drugoplanowych rolach widzimy <b>Borysa Szyca <\/b>(\u201eWojna polsko-ruska\u201d, \u201ePi\u0142sudski\u201d), <b>Zbigniewa Zamachowskiego <\/b>(\u201eBogowie\u201d, \u201eTrzy kolory: Niebieski\u201d), <b>King\u0119 Preis <\/b>(\u201eC\u00f3rki dancingu\u201d, \u201eProsta historia o morderstwie\u201d) i <b>\u0141ukasza Simlata <\/b>(\u201eZjednoczone stany mi\u0142o\u015bci\u201d, \u201eMoje c\u00f3rki krowy\u201d).<\/p>\n<p>Na ekranie pojawia si\u0119 te\u017c <b>Filip P\u0142awiak<\/b>, znany z kr\u0119conego w Zabrzu \u201eBiletu na Ksi\u0119\u017cyc\u201d Jacka Bromskiego.<\/p>\n<p>Re\u017cyserem serialu jest <b>Leszek Dawid <\/b>(wielokrotnie nagradzany za obraz \u201eJeste\u015b Bogiem\u201d).<\/p>\n<p>Recenzent portalu Spidersweb pisa\u0142 tak o drugim sezonie: \u201e<i>Fabu\u0142a jest dynamiczna, pe\u0142na zwrot\u00f3w akcji, a z ka\u017cdym kolejnym odcinkiem intryga staje si\u0119 coraz bardziej zagmatwana i nieoczywista. Kilka razy by\u0142em ju\u017c pewien, \u017ce wiem, kto za tym wszystkim stoi i o co tu chodzi, by po chwili okaza\u0142o si\u0119, \u017ce to by\u0142a kolejna zas\u0142ona dymna, finta czy zmy\u0142ka\u201d.<\/i><\/p>\n<a\n\thref=\"\/mapa\/?ait-item=3-areszt-sledczy\"\n\t\tid=\"ait-sc-button-1\"\n\tclass=\"ait-sc-button alignright  buticon-left    simple\"\n\tstyle=\"width:240px;background-color:#001e92; border-color:#001e92;margin-top:20;margin-left:20;margin-right:20;margin-bottom:20;\"\n>\n\t<span class=\"container\">\n\t\t<span class=\"wrap\">\n\n\t\t\t\t\t\t\t\t\t\t\t\t<span class=\"icon\" style=\"text-align:left;\">\n\t\t\t\t\t\t<i class=\"fa fa fa-map-marker\" style=\"color: #ffffff;\"><\/i>\n\t\t\t\t\t<\/span>\n\t\t\t\t\t\t\t\n\t\t\t\t\t\t<span class=\"text\" style=\"text-align:left;\">\n\t\t\t\t\t\t\t\t<span class=\"title\" style=\"color:#ffffff;\">\n\t\t\t\t\tAreszt \u015bledczy\t\t\t\t<\/span>\n\t\t\t\t\t\t\t\t\t\t\t<\/span>\n\t\t\t\n\t\t\t\t\t\t\t\t\t\t\t\t<\/span>\n\t<\/span>\n<\/a>\n\n<p>Drugi sezon Paktu zosta\u0142 oparty na oryginalnym polskim scenariuszu, co w spos\u00f3b podstawowy r\u00f3\u017cni\u0142o go od sezonu pierwszego, kt\u00f3ry by\u0142 adaptacj\u0105 norweskiego serialu \u201eUk\u0142ad\u201d.<\/p>\n\n\t\t\t<div>\n\t\t\t<style type='text\/css'>\n\t\t\t\t#gallery-1 {\n\t\t\t\t\tmargin: auto;\n\t\t\t\t}\n\t\t\t\t#gallery-1 .gallery-item {\n\t\t\t\t\tfloat: left;\n\t\t\t\t\tmargin-top: 10px;\n\t\t\t\t\ttext-align: center;\n\t\t\t\t\twidth: 16%;\n\t\t\t\t}\n\t\t\t\t#gallery-1 img {\n\t\t\t\t\tborder: 2px solid #cfcfcf;\n\t\t\t\t}\n\t\t\t\t#gallery-1 .gallery-caption {\n\t\t\t\t\tmargin-left: 0;\n\t\t\t\t}\n\t\t\t\t\/* see gallery_shortcode() in wp-includes\/media.php *\/\n\t\t\t<\/style><\/div>\n\t\t<div id='gallery-1' class='gallery galleryid-6137 gallery-columns-6 gallery-size-thumbnail'><div class=\"gallery-inner-wrapper\"><dl class='gallery-item'>\n\t\t\t\t<dt class='gallery-icon landscape'>\n\t\t\t\t\t<a href='https:\/\/kinoroma.zabrze.pl\/mapa\/wp-content\/uploads\/PAKT-oficjalne-materialy-prasowe-HBO-13.jpg'><img width=\"150\" height=\"150\" src=\"https:\/\/kinoroma.zabrze.pl\/mapa\/wp-content\/uploads\/PAKT-oficjalne-materialy-prasowe-HBO-13-150x150.jpg\" class=\"attachment-thumbnail size-thumbnail\" alt=\"\" loading=\"lazy\" \/><\/a>\n\t\t\t\t<\/dt><dd><\/dd><\/dl><dl class='gallery-item'>\n\t\t\t\t<dt class='gallery-icon landscape'>\n\t\t\t\t\t<a href='https:\/\/kinoroma.zabrze.pl\/mapa\/wp-content\/uploads\/PAKT-oficjalne-materialy-prasowe-HBO-11.jpg'><img width=\"150\" height=\"150\" src=\"https:\/\/kinoroma.zabrze.pl\/mapa\/wp-content\/uploads\/PAKT-oficjalne-materialy-prasowe-HBO-11-150x150.jpg\" class=\"attachment-thumbnail size-thumbnail\" alt=\"\" loading=\"lazy\" \/><\/a>\n\t\t\t\t<\/dt><dd><\/dd><\/dl><dl class='gallery-item'>\n\t\t\t\t<dt class='gallery-icon landscape'>\n\t\t\t\t\t<a href='https:\/\/kinoroma.zabrze.pl\/mapa\/wp-content\/uploads\/PAKT-oficjalne-materialy-prasowe-HBO-9.jpg'><img width=\"150\" height=\"150\" src=\"https:\/\/kinoroma.zabrze.pl\/mapa\/wp-content\/uploads\/PAKT-oficjalne-materialy-prasowe-HBO-9-150x150.jpg\" class=\"attachment-thumbnail size-thumbnail\" alt=\"\" loading=\"lazy\" \/><\/a>\n\t\t\t\t<\/dt><dd><\/dd><\/dl><dl class='gallery-item'>\n\t\t\t\t<dt class='gallery-icon landscape'>\n\t\t\t\t\t<a href='https:\/\/kinoroma.zabrze.pl\/mapa\/wp-content\/uploads\/PAKT-oficjalne-materialy-prasowe-HBO-8.jpg'><img width=\"150\" height=\"150\" src=\"https:\/\/kinoroma.zabrze.pl\/mapa\/wp-content\/uploads\/PAKT-oficjalne-materialy-prasowe-HBO-8-150x150.jpg\" class=\"attachment-thumbnail size-thumbnail\" alt=\"\" loading=\"lazy\" \/><\/a>\n\t\t\t\t<\/dt><dd><\/dd><\/dl><dl class='gallery-item'>\n\t\t\t\t<dt class='gallery-icon landscape'>\n\t\t\t\t\t<a href='https:\/\/kinoroma.zabrze.pl\/mapa\/wp-content\/uploads\/PAKT-oficjalne-materialy-prasowe-HBO-7.jpg'><img width=\"150\" height=\"150\" src=\"https:\/\/kinoroma.zabrze.pl\/mapa\/wp-content\/uploads\/PAKT-oficjalne-materialy-prasowe-HBO-7-150x150.jpg\" class=\"attachment-thumbnail size-thumbnail\" alt=\"\" loading=\"lazy\" \/><\/a>\n\t\t\t\t<\/dt><dd><\/dd><\/dl><dl class='gallery-item'>\n\t\t\t\t<dt class='gallery-icon landscape'>\n\t\t\t\t\t<a href='https:\/\/kinoroma.zabrze.pl\/mapa\/wp-content\/uploads\/PAKT-oficjalne-materialy-prasowe-HBO-6.jpg'><img width=\"150\" height=\"150\" src=\"https:\/\/kinoroma.zabrze.pl\/mapa\/wp-content\/uploads\/PAKT-oficjalne-materialy-prasowe-HBO-6-150x150.jpg\" class=\"attachment-thumbnail size-thumbnail\" alt=\"\" loading=\"lazy\" \/><\/a>\n\t\t\t\t<\/dt><dd><\/dd><\/dl><br style=\"clear: both\" \/><dl class='gallery-item'>\n\t\t\t\t<dt class='gallery-icon landscape'>\n\t\t\t\t\t<a href='https:\/\/kinoroma.zabrze.pl\/mapa\/wp-content\/uploads\/PAKT-oficjalne-materialy-prasowe-HBO-5.jpg'><img width=\"150\" height=\"150\" src=\"https:\/\/kinoroma.zabrze.pl\/mapa\/wp-content\/uploads\/PAKT-oficjalne-materialy-prasowe-HBO-5-150x150.jpg\" class=\"attachment-thumbnail size-thumbnail\" alt=\"\" loading=\"lazy\" \/><\/a>\n\t\t\t\t<\/dt><dd><\/dd><\/dl><dl class='gallery-item'>\n\t\t\t\t<dt class='gallery-icon landscape'>\n\t\t\t\t\t<a href='https:\/\/kinoroma.zabrze.pl\/mapa\/wp-content\/uploads\/PAKT-oficjalne-materialy-prasowe-HBO-4.jpg'><img width=\"150\" height=\"150\" src=\"https:\/\/kinoroma.zabrze.pl\/mapa\/wp-content\/uploads\/PAKT-oficjalne-materialy-prasowe-HBO-4-150x150.jpg\" class=\"attachment-thumbnail size-thumbnail\" alt=\"\" loading=\"lazy\" \/><\/a>\n\t\t\t\t<\/dt><dd><\/dd><\/dl><dl class='gallery-item'>\n\t\t\t\t<dt class='gallery-icon landscape'>\n\t\t\t\t\t<a href='https:\/\/kinoroma.zabrze.pl\/mapa\/wp-content\/uploads\/PAKT-oficjalne-materialy-prasowe-HBO-3.jpg'><img width=\"150\" height=\"150\" src=\"https:\/\/kinoroma.zabrze.pl\/mapa\/wp-content\/uploads\/PAKT-oficjalne-materialy-prasowe-HBO-3-150x150.jpg\" class=\"attachment-thumbnail size-thumbnail\" alt=\"\" loading=\"lazy\" \/><\/a>\n\t\t\t\t<\/dt><dd><\/dd><\/dl><dl class='gallery-item'>\n\t\t\t\t<dt class='gallery-icon landscape'>\n\t\t\t\t\t<a href='https:\/\/kinoroma.zabrze.pl\/mapa\/wp-content\/uploads\/PAKT-oficjalne-materialy-prasowe-HBO-2.jpg'><img width=\"150\" height=\"150\" src=\"https:\/\/kinoroma.zabrze.pl\/mapa\/wp-content\/uploads\/PAKT-oficjalne-materialy-prasowe-HBO-2-150x150.jpg\" class=\"attachment-thumbnail size-thumbnail\" alt=\"\" loading=\"lazy\" \/><\/a>\n\t\t\t\t<\/dt><dd><\/dd><\/dl><dl class='gallery-item'>\n\t\t\t\t<dt class='gallery-icon landscape'>\n\t\t\t\t\t<a href='https:\/\/kinoroma.zabrze.pl\/mapa\/wp-content\/uploads\/PAKT-oficjalne-materialy-prasowe-HBO-1.jpg'><img width=\"150\" height=\"150\" src=\"https:\/\/kinoroma.zabrze.pl\/mapa\/wp-content\/uploads\/PAKT-oficjalne-materialy-prasowe-HBO-1-150x150.jpg\" class=\"attachment-thumbnail size-thumbnail\" alt=\"\" loading=\"lazy\" \/><\/a>\n\t\t\t\t<\/dt><dd><\/dd><\/dl>\n\t\t\t\t<br style='clear: both;' \/>\n\t\t\t<\/div><\/div>\n\n<hr \/>\n<p><span style=\"color: #800000;\"><u><b>Metryczka filmu<\/b><\/u><\/span><\/p>\n<p><span style=\"color: #800000;\"><strong>\u201e<\/strong><b>Pakt II\u201d<\/b><\/span><\/p>\n<p><span style=\"color: #800000;\">Polska, 2016, serial, 6 odcink\u00f3w<\/span><\/p>\n<p><span style=\"color: #800000;\">Re\u017cyseria: Leszek Dawid<\/span><\/p>\n<p><span style=\"color: #800000;\">Scenariusz: Marcin Kubawski, Maciej Kubicki, Andrzej Go\u0142da, Jaros\u0142aw Kami\u0144ski, Mi\u0142osz Sakowski<\/span><\/p>\n<p><span style=\"color: #800000;\">Muzyka: \u0141ukasz Targosz<\/span><\/p>\n<p><span style=\"color: #800000;\">Zdj\u0119cia: Pawe\u0142 Flis<\/span><\/p>\n<p><span style=\"color: #800000;\">Scenografia: Elwira Pluta, Joanna Macha<\/span><\/p>\n<p><span style=\"color: #800000;\">Obsada: (obie serie) Marcin Doroci\u0144ski, Witold D\u0119bicki, Adam Woronowicz, Mariusz Bonaszewski,<\/span><\/p>\n<p><span style=\"color: #800000;\">Sebastian Fabija\u0144ski. (seria druga) Magdalena Pop\u0142awska, Zbigniew Zamachowski, Borys Szyc, \u0141ukasz Simlat, Roman Gancarczyk, Kinga Preis.<\/span><\/p>\n<p><span style=\"color: #800000;\">Produkcja: HBO Europe<\/span><\/p>\n<hr \/>\n<p><u><b>Trailer <\/b><\/u>Oficjlany: <a href=\"https:\/\/www.youtube.com\/watch?v=9r3MOceUJL8\">https:\/\/www.youtube.com\/watch?v=9r3MOceUJL8<\/a><\/p>\n<p><iframe loading=\"lazy\" src=\"https:\/\/www.youtube.com\/embed\/9r3MOceUJL8\" width=\"560\" height=\"315\" frameborder=\"0\" allowfullscreen=\"allowfullscreen\"><\/iframe><\/p>\n<p>Teaser: <a href=\"https:\/\/www.youtube.com\/watch?v=LVqAc-34Zdo\"><u>https:\/\/www.youtube.com\/watch?v=LVqAc-34Zdo<\/u><\/a><\/p>\n<p><iframe loading=\"lazy\" src=\"https:\/\/www.youtube.com\/embed\/LVqAc-34Zdo\" width=\"560\" height=\"315\" frameborder=\"0\" allowfullscreen=\"allowfullscreen\"><\/iframe><\/p>\n","protected":false},"excerpt":{"rendered":"<p>Re\u017c. Leszek Dawid Drugi sezon serialu HBO \u201ePakt&#8221; z Marcinem Doroci\u0144skim w roli nieust\u0119pliwego dziennikarza \u015bledczego, kt\u00f3ry wpada na trop powi\u0105za\u0144 na najwy\u017cszych szczeblach w\u0142adzy, kr\u0119cony by\u0142 na \u015al\u0105sku. Tym razem redaktor Grodecki odkrywa skandal seksualny, w kt\u00f3ry zamieszany jest jeden z ministr\u00f3w. Z determinacj\u0105 walczy, aby ujawni\u0107 niewygodne szczeg\u00f3\u0142y zdarzenia. Tw\u00f3rcy drugiego sezonu \u201ePaktu\u201d [&hellip;]<\/p>\n","protected":false},"author":1,"featured_media":0,"parent":6068,"menu_order":0,"comment_status":"closed","ping_status":"closed","template":"","meta":[],"_links":{"self":[{"href":"https:\/\/kinoroma.zabrze.pl\/mapa\/index.php?rest_route=\/wp\/v2\/pages\/6137"}],"collection":[{"href":"https:\/\/kinoroma.zabrze.pl\/mapa\/index.php?rest_route=\/wp\/v2\/pages"}],"about":[{"href":"https:\/\/kinoroma.zabrze.pl\/mapa\/index.php?rest_route=\/wp\/v2\/types\/page"}],"author":[{"embeddable":true,"href":"https:\/\/kinoroma.zabrze.pl\/mapa\/index.php?rest_route=\/wp\/v2\/users\/1"}],"replies":[{"embeddable":true,"href":"https:\/\/kinoroma.zabrze.pl\/mapa\/index.php?rest_route=%2Fwp%2Fv2%2Fcomments&post=6137"}],"version-history":[{"count":10,"href":"https:\/\/kinoroma.zabrze.pl\/mapa\/index.php?rest_route=\/wp\/v2\/pages\/6137\/revisions"}],"predecessor-version":[{"id":7610,"href":"https:\/\/kinoroma.zabrze.pl\/mapa\/index.php?rest_route=\/wp\/v2\/pages\/6137\/revisions\/7610"}],"up":[{"embeddable":true,"href":"https:\/\/kinoroma.zabrze.pl\/mapa\/index.php?rest_route=\/wp\/v2\/pages\/6068"}],"wp:attachment":[{"href":"https:\/\/kinoroma.zabrze.pl\/mapa\/index.php?rest_route=%2Fwp%2Fv2%2Fmedia&parent=6137"}],"curies":[{"name":"wp","href":"https:\/\/api.w.org\/{rel}","templated":true}]}}